{"id":1625,"date":"2023-01-04T17:43:30","date_gmt":"2023-01-04T17:43:30","guid":{"rendered":"https:\/\/www.univeris.com\/personnes-et-culture\/"},"modified":"2023-04-26T15:48:07","modified_gmt":"2023-04-26T15:48:07","slug":"personnes-et-culture","status":"publish","type":"page","link":"https:\/\/www.univeris.com\/fr\/a-propos-duniveris\/personnes-et-culture\/","title":{"rendered":"Personnes et culture"},"content":{"rendered":"<p>[et_pb_section fb_built=\u00a0\u00bb1&Prime; _builder_version=\u00a0\u00bb4.20.0&Prime; _module_preset=\u00a0\u00bbdefault\u00a0\u00bb background_enable_color=\u00a0\u00bboff\u00a0\u00bb use_background_color_gradient=\u00a0\u00bbon\u00a0\u00bb background_color_gradient_direction=\u00a0\u00bb90deg\u00a0\u00bb background_color_gradient_stops=\u00a0\u00bb#00b7c0 18%|rgba(0,67,134,0.45) 100%\u00a0\u00bb background_image=\u00a0\u00bbhttps:\/\/www.univeris.com\/wp-content\/uploads\/bnr-bkg-flower-scaled.jpg\u00a0\u00bb background_position=\u00a0\u00bbcenter_right\u00a0\u00bb background_horizontal_offset=\u00a0\u00bb11%\u00a0\u00bb background_blend=\u00a0\u00bbmultiply\u00a0\u00bb background_enable_pattern_style=\u00a0\u00bbon\u00a0\u00bb background_pattern_style=\u00a0\u00bbshippo\u00a0\u00bb background_pattern_color=\u00a0\u00bbrgba(0,67,134,0.08)\u00a0\u00bb da_disable_devices=\u00a0\u00bboff|off|off\u00a0\u00bb global_colors_info=\u00a0\u00bb{}\u00a0\u00bb da_is_popup=\u00a0\u00bboff\u00a0\u00bb da_exit_intent=\u00a0\u00bboff\u00a0\u00bb da_has_close=\u00a0\u00bbon\u00a0\u00bb da_alt_close=\u00a0\u00bboff\u00a0\u00bb da_dark_close=\u00a0\u00bboff\u00a0\u00bb da_not_modal=\u00a0\u00bbon\u00a0\u00bb da_is_singular=\u00a0\u00bboff\u00a0\u00bb da_with_loader=\u00a0\u00bboff\u00a0\u00bb da_has_shadow=\u00a0\u00bbon\u00a0\u00bb][et_pb_row _builder_version=\u00a0\u00bb4.16&Prime; _module_preset=\u00a0\u00bbdefault\u00a0\u00bb global_colors_info=\u00a0\u00bb{}\u00a0\u00bb][et_pb_column type=\u00a0\u00bb4_4&Prime; _builder_version=\u00a0\u00bb4.16&Prime; _module_preset=\u00a0\u00bbdefault\u00a0\u00bb global_colors_info=\u00a0\u00bb{}\u00a0\u00bb][et_pb_text _builder_version=\u00a0\u00bb4.20.0&Prime; _module_preset=\u00a0\u00bbdefault\u00a0\u00bb background_layout=\u00a0\u00bbdark\u00a0\u00bb custom_padding=\u00a0\u00bb2px|||||\u00a0\u00bb global_colors_info=\u00a0\u00bb{}\u00a0\u00bb]<\/p>\n<h6 class=\"bar-left\">Personnes et culture<\/h6>\n<h1>La vie \u00e0 Univeris<\/h1>\n<p>[\/et_pb_text][\/et_pb_column][\/et_pb_row][\/et_pb_section][et_pb_section fb_built=\u00a0\u00bb1&Prime; _builder_version=\u00a0\u00bb4.20.0&Prime; _module_preset=\u00a0\u00bbdefault\u00a0\u00bb da_disable_devices=\u00a0\u00bboff|off|off\u00a0\u00bb global_colors_info=\u00a0\u00bb{}\u00a0\u00bb da_is_popup=\u00a0\u00bboff\u00a0\u00bb da_exit_intent=\u00a0\u00bboff\u00a0\u00bb da_has_close=\u00a0\u00bbon\u00a0\u00bb da_alt_close=\u00a0\u00bboff\u00a0\u00bb da_dark_close=\u00a0\u00bboff\u00a0\u00bb da_not_modal=\u00a0\u00bbon\u00a0\u00bb da_is_singular=\u00a0\u00bboff\u00a0\u00bb da_with_loader=\u00a0\u00bboff\u00a0\u00bb da_has_shadow=\u00a0\u00bbon\u00a0\u00bb][et_pb_row _builder_version=\u00a0\u00bb4.20.0&Prime; _module_preset=\u00a0\u00bbdefault\u00a0\u00bb global_colors_info=\u00a0\u00bb{}\u00a0\u00bb][et_pb_column type=\u00a0\u00bb4_4&Prime; _builder_version=\u00a0\u00bb4.20.0&Prime; _module_preset=\u00a0\u00bbdefault\u00a0\u00bb global_colors_info=\u00a0\u00bb{}\u00a0\u00bb][et_pb_text _builder_version=\u00a0\u00bb4.20.0&Prime; _module_preset=\u00a0\u00bbdefault\u00a0\u00bb width=\u00a0\u00bb95%\u00a0\u00bb global_colors_info=\u00a0\u00bb{}\u00a0\u00bb]<\/p>\n<h2 class=\"bar-left\">Nos employ\u00e9s d\u2019abord<\/h2>\n<p>Nos employ\u00e9s sont la pierre angulaire de notre entreprise. C\u2019est la raison pour laquelle nous sommes pleinement engag\u00e9s \u00e0 garder nos \u00e9quipes motiv\u00e9es de fa\u00e7on pratique et \u00e0 continuer sur cette lanc\u00e9e.<\/p>\n<p>Les activit\u00e9s sociales d\u2019entreprise, les r\u00e9unions mensuelles de discussion ouverte, les colis surprise trimestriels et les s\u00e9ances annuelles de planification sont des points de contact cl\u00e9s qui nous aident \u00e0 maintenir la relation et \u00e0 avancer dans la m\u00eame direction.<\/p>\n<p>[\/et_pb_text][\/et_pb_column][\/et_pb_row][et_pb_row column_structure=\u00a0\u00bb2_5,3_5&Prime; make_equal=\u00a0\u00bbon\u00a0\u00bb _builder_version=\u00a0\u00bb4.20.0&Prime; _module_preset=\u00a0\u00bbdefault\u00a0\u00bb global_colors_info=\u00a0\u00bb{}\u00a0\u00bb][et_pb_column type=\u00a0\u00bb2_5&Prime; _builder_version=\u00a0\u00bb4.20.0&Prime; _module_preset=\u00a0\u00bbdefault\u00a0\u00bb global_colors_info=\u00a0\u00bb{}\u00a0\u00bb][et_pb_image src=\u00a0\u00bbhttps:\/\/www.univeris.com\/wp-content\/uploads\/img-your-voice-matters.jpg\u00a0\u00bb title_text=\u00a0\u00bbimg-your-voice-matters\u00a0\u00bb _builder_version=\u00a0\u00bb4.20.0&Prime; _module_preset=\u00a0\u00bbdefault\u00a0\u00bb global_colors_info=\u00a0\u00bb{}\u00a0\u00bb][\/et_pb_image][\/et_pb_column][et_pb_column type=\u00a0\u00bb3_5&Prime; _builder_version=\u00a0\u00bb4.20.0&Prime; _module_preset=\u00a0\u00bbdefault\u00a0\u00bb custom_css_main_element=\u00a0\u00bbmargin:auto;\u00a0\u00bb global_colors_info=\u00a0\u00bb{}\u00a0\u00bb][et_pb_text _builder_version=\u00a0\u00bb4.20.0&Prime; _module_preset=\u00a0\u00bbdefault\u00a0\u00bb width=\u00a0\u00bb80%\u00a0\u00bb global_colors_info=\u00a0\u00bb{}\u00a0\u00bb]<\/p>\n<h2 class=\"bar-left\">Votre opinion compte<\/h2>\n<p>\u00c0 Univeris, chaque membre de l\u2019\u00e9quipe est libre de s\u2019exprimer. Lors des s\u00e9ances de planification strat\u00e9gique \u00e0 l\u2019\u00e9chelle de l\u2019entreprise comme lors des r\u00e9unions \u00e0 l\u2019interne, tous les employ\u00e9s ont la possibilit\u00e9 de participer, d\u2019\u00eatre entendus et de contribuer \u00e0 notre avenir.<\/p>\n<p>[\/et_pb_text][et_pb_button button_url=\u00a0\u00bbhttps:\/\/jobs.lever.co\/univeris.com\u00a0\u00bb url_new_window=\u00a0\u00bbon\u00a0\u00bb button_text=\u00a0\u00bbVoir les postes vacants\u00a0\u00bb _builder_version=\u00a0\u00bb4.20.0&Prime; _module_preset=\u00a0\u00bbdefault\u00a0\u00bb custom_button=\u00a0\u00bbon\u00a0\u00bb button_text_size=\u00a0\u00bb12px\u00a0\u00bb button_text_color=\u00a0\u00bb#FFFFFF\u00a0\u00bb button_bg_color=\u00a0\u00bb#83c554&Prime; button_border_width=\u00a0\u00bb0px\u00a0\u00bb button_border_radius=\u00a0\u00bb0px\u00a0\u00bb button_letter_spacing=\u00a0\u00bb1px\u00a0\u00bb button_font=\u00a0\u00bb|600||on|||||\u00a0\u00bb button_use_icon=\u00a0\u00bboff\u00a0\u00bb custom_padding=\u00a0\u00bb10px|15px|10px|15px|false|false\u00a0\u00bb saved_tabs=\u00a0\u00bball\u00a0\u00bb global_colors_info=\u00a0\u00bb{}\u00a0\u00bb button_bg_color__hover_enabled=\u00a0\u00bbon|hover\u00a0\u00bb button_bg_color__hover=\u00a0\u00bb#54b244&Prime; transform_styles__hover_enabled=\u00a0\u00bbon|hover\u00a0\u00bb transform_scale__hover_enabled=\u00a0\u00bbon|hover\u00a0\u00bb transform_translate__hover_enabled=\u00a0\u00bbon|hover\u00a0\u00bb transform_rotate__hover_enabled=\u00a0\u00bbon|hover\u00a0\u00bb transform_skew__hover_enabled=\u00a0\u00bbon|hover\u00a0\u00bb transform_origin__hover_enabled=\u00a0\u00bbon|hover\u00a0\u00bb transform_scale__hover=\u00a0\u00bb105%|105%\u00a0\u00bb][\/et_pb_button][\/et_pb_column][\/et_pb_row][et_pb_row column_structure=\u00a0\u00bb2_3,1_3&Prime; make_equal=\u00a0\u00bbon\u00a0\u00bb module_class=\u00a0\u00bbmobile-reverse\u00a0\u00bb _builder_version=\u00a0\u00bb4.20.0&Prime; _module_preset=\u00a0\u00bbdefault\u00a0\u00bb global_colors_info=\u00a0\u00bb{}\u00a0\u00bb][et_pb_column type=\u00a0\u00bb2_3&Prime; _builder_version=\u00a0\u00bb4.20.0&Prime; _module_preset=\u00a0\u00bbdefault\u00a0\u00bb custom_css_main_element=\u00a0\u00bbmargin:auto;\u00a0\u00bb global_colors_info=\u00a0\u00bb{}\u00a0\u00bb][et_pb_text _builder_version=\u00a0\u00bb4.20.4&Prime; _module_preset=\u00a0\u00bbdefault\u00a0\u00bb text_orientation=\u00a0\u00bbright\u00a0\u00bb width=\u00a0\u00bb90%\u00a0\u00bb module_alignment=\u00a0\u00bbright\u00a0\u00bb hover_enabled=\u00a0\u00bb0&Prime; global_colors_info=\u00a0\u00bb{}\u00a0\u00bb sticky_enabled=\u00a0\u00bb0&Prime;]<\/p>\n<h2 class=\"bar-right\">Nous prenons soin les uns des autres<\/h2>\n<p>Le bien-\u00eatre des membres de notre \u00e9quipe est notre priorit\u00e9. Nous sommes engag\u00e9s \u00e0 faire tout notre possible pour aider votre famille et vous \u00e0 demeurer sain et sauf. C\u2019est pourquoi nous offrons un programme d\u2019avantages sociaux sup\u00e9rieur, un programme d\u2019aide aux employ\u00e9s (PAE) et une culture d\u2019entreprise \u00e0 distance.<\/p>\n<p>Nous sommes \u00e9galement tr\u00e8s fiers de notre approche ax\u00e9e sur l\u2019empathie \u00e0 l\u2019\u00e9gard des personnes et de la culture. Lorsque les membres de nos \u00e9quipes sont confront\u00e9s \u00e0 des situations difficiles \u2013 au travail ou \u00e0 la maison \u2013 nous faisons le n\u00e9cessaire pour les aider du mieux que nous pouvons.<\/p>\n<p>La situation de chacun est diff\u00e9rente. Nous abordons chaque situation au cas par cas, avec ouverture d\u2019esprit et de c\u0153ur.<\/p>\n<p>[\/et_pb_text][\/et_pb_column][et_pb_column type=\u00a0\u00bb1_3&Prime; _builder_version=\u00a0\u00bb4.20.0&Prime; _module_preset=\u00a0\u00bbdefault\u00a0\u00bb global_colors_info=\u00a0\u00bb{}\u00a0\u00bb][et_pb_image src=\u00a0\u00bbhttps:\/\/www.univeris.com\/wp-content\/uploads\/img-we-take-care-of-each-other.jpg\u00a0\u00bb title_text=\u00a0\u00bbimg-we-take-care-of-each-other\u00a0\u00bb _builder_version=\u00a0\u00bb4.20.0&Prime; _module_preset=\u00a0\u00bbdefault\u00a0\u00bb global_colors_info=\u00a0\u00bb{}\u00a0\u00bb][\/et_pb_image][\/et_pb_column][\/et_pb_row][et_pb_row column_structure=\u00a0\u00bb1_4,3_4&Prime; make_equal=\u00a0\u00bbon\u00a0\u00bb _builder_version=\u00a0\u00bb4.20.0&Prime; _module_preset=\u00a0\u00bbdefault\u00a0\u00bb global_colors_info=\u00a0\u00bb{}\u00a0\u00bb][et_pb_column type=\u00a0\u00bb1_4&Prime; _builder_version=\u00a0\u00bb4.20.0&Prime; _module_preset=\u00a0\u00bbdefault\u00a0\u00bb global_colors_info=\u00a0\u00bb{}\u00a0\u00bb][et_pb_image src=\u00a0\u00bbhttps:\/\/www.univeris.com\/wp-content\/uploads\/img-we-invest-in-you.jpg\u00a0\u00bb title_text=\u00a0\u00bbimg-we-invest-in-you\u00a0\u00bb _builder_version=\u00a0\u00bb4.20.0&Prime; _module_preset=\u00a0\u00bbdefault\u00a0\u00bb global_colors_info=\u00a0\u00bb{}\u00a0\u00bb][\/et_pb_image][\/et_pb_column][et_pb_column type=\u00a0\u00bb3_4&Prime; _builder_version=\u00a0\u00bb4.20.0&Prime; _module_preset=\u00a0\u00bbdefault\u00a0\u00bb custom_css_main_element=\u00a0\u00bbmargin:auto;\u00a0\u00bb global_colors_info=\u00a0\u00bb{}\u00a0\u00bb][et_pb_text _builder_version=\u00a0\u00bb4.20.4&Prime; _module_preset=\u00a0\u00bbdefault\u00a0\u00bb width=\u00a0\u00bb80%\u00a0\u00bb hover_enabled=\u00a0\u00bb0&Prime; global_colors_info=\u00a0\u00bb{}\u00a0\u00bb sticky_enabled=\u00a0\u00bb0&Prime;]<\/p>\n<h2 class=\"bar-left\">Nous investissons en vous<\/h2>\n<p>Nous sommes conscients qu\u2019il est important d\u2019avoir des occasions d\u2019apprentissage et de croissance pour favoriser le perfectionnement professionnel et personnel. C\u2019est pourquoi nous offrons ces occasions au sein de notre entreprise et nous donnons aux membres de l\u2019\u00e9quipe l\u2019acc\u00e8s \u00e0 un programme annuel de formation autonome pour soutenir leur croissance.<\/p>\n<p>Nous ne grandissons pas tant que vous ne grandissez pas.<\/p>\n<p>[\/et_pb_text][et_pb_button button_url=\u00a0\u00bbhttps:\/\/jobs.lever.co\/univeris.com\u00a0\u00bb url_new_window=\u00a0\u00bbon\u00a0\u00bb button_text=\u00a0\u00bbVoir les postes vacants\u00a0\u00bb _builder_version=\u00a0\u00bb4.20.0&Prime; _module_preset=\u00a0\u00bbdefault\u00a0\u00bb custom_button=\u00a0\u00bbon\u00a0\u00bb button_text_size=\u00a0\u00bb12px\u00a0\u00bb button_text_color=\u00a0\u00bb#FFFFFF\u00a0\u00bb button_bg_color=\u00a0\u00bb#83c554&Prime; button_border_width=\u00a0\u00bb0px\u00a0\u00bb button_border_radius=\u00a0\u00bb0px\u00a0\u00bb button_letter_spacing=\u00a0\u00bb1px\u00a0\u00bb button_font=\u00a0\u00bb|600||on|||||\u00a0\u00bb button_use_icon=\u00a0\u00bboff\u00a0\u00bb custom_padding=\u00a0\u00bb10px|15px|10px|15px|false|false\u00a0\u00bb saved_tabs=\u00a0\u00bball\u00a0\u00bb global_colors_info=\u00a0\u00bb{}\u00a0\u00bb button_bg_color__hover_enabled=\u00a0\u00bbon|hover\u00a0\u00bb button_bg_color__hover=\u00a0\u00bb#54b244&Prime; transform_styles__hover_enabled=\u00a0\u00bbon|hover\u00a0\u00bb transform_scale__hover_enabled=\u00a0\u00bbon|hover\u00a0\u00bb transform_translate__hover_enabled=\u00a0\u00bbon|hover\u00a0\u00bb transform_rotate__hover_enabled=\u00a0\u00bbon|hover\u00a0\u00bb transform_skew__hover_enabled=\u00a0\u00bbon|hover\u00a0\u00bb transform_origin__hover_enabled=\u00a0\u00bbon|hover\u00a0\u00bb transform_scale__hover=\u00a0\u00bb105%|105%\u00a0\u00bb][\/et_pb_button][\/et_pb_column][\/et_pb_row][\/et_pb_section][et_pb_section fb_built=\u00a0\u00bb1&Prime; _builder_version=\u00a0\u00bb4.20.0&Prime; _module_preset=\u00a0\u00bbdefault\u00a0\u00bb background_color=\u00a0\u00bb#00ACDD\u00a0\u00bb use_background_color_gradient=\u00a0\u00bbon\u00a0\u00bb background_color_gradient_direction=\u00a0\u00bb-75deg\u00a0\u00bb background_color_gradient_stops=\u00a0\u00bb#00acdd 32%|#004386 71%\u00a0\u00bb background_enable_pattern_style=\u00a0\u00bbon\u00a0\u00bb background_pattern_color=\u00a0\u00bbrgba(0,0,0,0.06)\u00a0\u00bb background_pattern_size=\u00a0\u00bbcustom\u00a0\u00bb background_pattern_width=\u00a0\u00bb34px\u00a0\u00bb custom_padding=\u00a0\u00bb5px||0px||false|false\u00a0\u00bb da_disable_devices=\u00a0\u00bboff|off|off\u00a0\u00bb global_colors_info=\u00a0\u00bb{}\u00a0\u00bb da_is_popup=\u00a0\u00bboff\u00a0\u00bb da_exit_intent=\u00a0\u00bboff\u00a0\u00bb da_has_close=\u00a0\u00bbon\u00a0\u00bb da_alt_close=\u00a0\u00bboff\u00a0\u00bb da_dark_close=\u00a0\u00bboff\u00a0\u00bb da_not_modal=\u00a0\u00bbon\u00a0\u00bb da_is_singular=\u00a0\u00bboff\u00a0\u00bb da_with_loader=\u00a0\u00bboff\u00a0\u00bb da_has_shadow=\u00a0\u00bbon\u00a0\u00bb][et_pb_row column_structure=\u00a0\u00bb3_5,2_5&Prime; make_equal=\u00a0\u00bbon\u00a0\u00bb module_class=\u00a0\u00bbmobile-reverse\u00a0\u00bb _builder_version=\u00a0\u00bb4.20.0&Prime; _module_preset=\u00a0\u00bbdefault\u00a0\u00bb custom_margin=\u00a0\u00bb|auto|-3px|auto||\u00a0\u00bb global_colors_info=\u00a0\u00bb{}\u00a0\u00bb][et_pb_column type=\u00a0\u00bb3_5&Prime; _builder_version=\u00a0\u00bb4.20.0&Prime; _module_preset=\u00a0\u00bbdefault\u00a0\u00bb global_colors_info=\u00a0\u00bb{}\u00a0\u00bb][et_pb_text _builder_version=\u00a0\u00bb4.20.0&Prime; _module_preset=\u00a0\u00bbdefault\u00a0\u00bb background_layout=\u00a0\u00bbdark\u00a0\u00bb custom_margin=\u00a0\u00bb||0px||false|false\u00a0\u00bb custom_padding=\u00a0\u00bb||0px||false|false\u00a0\u00bb global_colors_info=\u00a0\u00bb{}\u00a0\u00bb]<\/p>\n<h6 class=\"bar-left\">PLEINS FEUX SUR LES EMPLOY\u00c9S<\/h6>\n<p>[\/et_pb_text][et_pb_image src=\u00a0\u00bbhttps:\/\/www.univeris.com\/wp-content\/uploads\/icn-quote-open-dk-white.svg\u00a0\u00bb title_text=\u00a0\u00bbicn-quote-open-dk-white\u00a0\u00bb show_bottom_space=\u00a0\u00bboff\u00a0\u00bb _builder_version=\u00a0\u00bb4.20.4&Prime; _module_preset=\u00a0\u00bbdefault\u00a0\u00bb width=\u00a0\u00bb12%\u00a0\u00bb custom_margin=\u00a0\u00bb|||-5px|false|false\u00a0\u00bb global_colors_info=\u00a0\u00bb{}\u00a0\u00bb][\/et_pb_image][et_pb_text _builder_version=\u00a0\u00bb4.20.0&Prime; _module_preset=\u00a0\u00bbdefault\u00a0\u00bb text_font_size=\u00a0\u00bb19px\u00a0\u00bb background_layout=\u00a0\u00bbdark\u00a0\u00bb custom_margin=\u00a0\u00bb||0px||false|false\u00a0\u00bb global_colors_info=\u00a0\u00bb{}\u00a0\u00bb]<\/p>\n<p class=\"quote\">Au cours des cinq ann\u00e9es que j\u2019ai pass\u00e9es chez Univeris, j\u2019ai eu le plaisir de faire partie d\u2019une communaut\u00e9 de personnes incroyables, travailleuses et d\u00e9vou\u00e9es avec qui il fait bon travailler. Je reste \u00e0 cause de cette communaut\u00e9 dans laquelle j\u2019ai l\u2019occasion d\u2019affiner mes comp\u00e9tences et de continuer \u00e0 me perfectionner chaque jour. Univeris signifie \u00ab\u00a0syst\u00e8me d\u2019information v\u00e9ridique\u00a0\u00bb. L\u2019int\u00e9grit\u00e9 de nos produits et des personnes qui travaillent sur ces produits m\u2019inspire. Merci Univeris de faire partie de mon parcours de vie.<\/p>\n<p>[\/et_pb_text][et_pb_image src=\u00a0\u00bbhttps:\/\/www.univeris.com\/wp-content\/uploads\/icn-quote-close-white.svg\u00a0\u00bb title_text=\u00a0\u00bbicn-quote-close-white\u00a0\u00bb show_bottom_space=\u00a0\u00bboff\u00a0\u00bb align=\u00a0\u00bbright\u00a0\u00bb _builder_version=\u00a0\u00bb4.20.4&Prime; _module_preset=\u00a0\u00bbdefault\u00a0\u00bb width=\u00a0\u00bb12%\u00a0\u00bb custom_margin=\u00a0\u00bb0px||||false|false\u00a0\u00bb global_colors_info=\u00a0\u00bb{}\u00a0\u00bb][\/et_pb_image][et_pb_text _builder_version=\u00a0\u00bb4.20.0&Prime; _module_preset=\u00a0\u00bbdefault\u00a0\u00bb text_orientation=\u00a0\u00bbright\u00a0\u00bb background_layout=\u00a0\u00bbdark\u00a0\u00bb global_colors_info=\u00a0\u00bb{}\u00a0\u00bb]<\/p>\n<h4>\u2014 Deborah\u00a0Ann, directrice de bureau<\/h4>\n<p>[\/et_pb_text][\/et_pb_column][et_pb_column type=\u00a0\u00bb2_5&Prime; _builder_version=\u00a0\u00bb4.20.0&Prime; _module_preset=\u00a0\u00bbdefault\u00a0\u00bb custom_css_main_element=\u00a0\u00bbmargin:auto;\u00a0\u00bb global_colors_info=\u00a0\u00bb{}\u00a0\u00bb][et_pb_image src=\u00a0\u00bbhttps:\/\/www.univeris.com\/wp-content\/uploads\/2023\/02\/img-deborah-ann.png\u00a0\u00bb title_text=\u00a0\u00bbimg-deborah-ann\u00a0\u00bb align=\u00a0\u00bbcenter\u00a0\u00bb _builder_version=\u00a0\u00bb4.20.0&Prime; _module_preset=\u00a0\u00bbdefault\u00a0\u00bb width=\u00a0\u00bb70%\u00a0\u00bb width_tablet=\u00a0\u00bb70%\u00a0\u00bb width_phone=\u00a0\u00bb70%\u00a0\u00bb width_last_edited=\u00a0\u00bbon|desktop\u00a0\u00bb global_colors_info=\u00a0\u00bb{}\u00a0\u00bb][\/et_pb_image][\/et_pb_column][\/et_pb_row][\/et_pb_section][et_pb_section fb_built=\u00a0\u00bb1&Prime; _builder_version=\u00a0\u00bb4.20.0&Prime; _module_preset=\u00a0\u00bbdefault\u00a0\u00bb da_disable_devices=\u00a0\u00bboff|off|off\u00a0\u00bb global_colors_info=\u00a0\u00bb{}\u00a0\u00bb da_is_popup=\u00a0\u00bboff\u00a0\u00bb da_exit_intent=\u00a0\u00bboff\u00a0\u00bb da_has_close=\u00a0\u00bbon\u00a0\u00bb da_alt_close=\u00a0\u00bboff\u00a0\u00bb da_dark_close=\u00a0\u00bboff\u00a0\u00bb da_not_modal=\u00a0\u00bbon\u00a0\u00bb da_is_singular=\u00a0\u00bboff\u00a0\u00bb da_with_loader=\u00a0\u00bboff\u00a0\u00bb da_has_shadow=\u00a0\u00bbon\u00a0\u00bb][et_pb_row column_structure=\u00a0\u00bb1_4,3_4&Prime; make_equal=\u00a0\u00bbon\u00a0\u00bb _builder_version=\u00a0\u00bb4.20.0&Prime; _module_preset=\u00a0\u00bbdefault\u00a0\u00bb global_colors_info=\u00a0\u00bb{}\u00a0\u00bb][et_pb_column type=\u00a0\u00bb1_4&Prime; _builder_version=\u00a0\u00bb4.20.0&Prime; _module_preset=\u00a0\u00bbdefault\u00a0\u00bb global_colors_info=\u00a0\u00bb{}\u00a0\u00bb][et_pb_image src=\u00a0\u00bbhttps:\/\/www.univeris.com\/wp-content\/uploads\/img-social-responsibility.jpg\u00a0\u00bb title_text=\u00a0\u00bbimg-social-responsibility\u00a0\u00bb _builder_version=\u00a0\u00bb4.20.0&Prime; _module_preset=\u00a0\u00bbdefault\u00a0\u00bb global_colors_info=\u00a0\u00bb{}\u00a0\u00bb][\/et_pb_image][\/et_pb_column][et_pb_column type=\u00a0\u00bb3_4&Prime; _builder_version=\u00a0\u00bb4.20.0&Prime; _module_preset=\u00a0\u00bbdefault\u00a0\u00bb custom_css_main_element=\u00a0\u00bbmargin:auto;\u00a0\u00bb global_colors_info=\u00a0\u00bb{}\u00a0\u00bb][et_pb_text _builder_version=\u00a0\u00bb4.20.0&Prime; _module_preset=\u00a0\u00bbdefault\u00a0\u00bb global_colors_info=\u00a0\u00bb{}\u00a0\u00bb]<\/p>\n<h2 class=\"bar-left\">Nous actualisons notre responsabilit\u00e9 sociale d\u2019entreprise<\/h2>\n<p>Nous nous engageons \u00e0 assurer un environnement durable, \u00e0 am\u00e9liorer la sant\u00e9 et le bien-\u00eatre des membres de notre \u00e9quipe et \u00e0 contribuer aux collectivit\u00e9s o\u00f9 nous vivons et travaillons par le b\u00e9n\u00e9volat et les dons de bienfaisance. Nous nous engageons \u00e9galement \u00e0 garantir la diversit\u00e9, l\u2019\u00e9quit\u00e9 et l\u2019inclusion dans notre milieu de travail.<\/p>\n<p>Au fil des ans, le programme de responsabilit\u00e9 sociale d\u2019entreprise d\u2019Univeris a soutenu de nombreuses causes. Du triathlon de Nicola et la fondation SickKids \u00e0 Indspire et la fondation Anishnawbe pour la sant\u00e9, nous essayons d\u2019int\u00e9grer les principes de responsabilit\u00e9 sociale d\u2019entreprise autant que nous pouvons.<\/p>\n<p>[\/et_pb_text][\/et_pb_column][\/et_pb_row][et_pb_row column_structure=\u00a0\u00bb3_5,2_5&Prime; make_equal=\u00a0\u00bbon\u00a0\u00bb module_class=\u00a0\u00bbmobile-reverse\u00a0\u00bb _builder_version=\u00a0\u00bb4.20.0&Prime; _module_preset=\u00a0\u00bbdefault\u00a0\u00bb locked=\u00a0\u00bboff\u00a0\u00bb global_colors_info=\u00a0\u00bb{}\u00a0\u00bb][et_pb_column type=\u00a0\u00bb3_5&Prime; _builder_version=\u00a0\u00bb4.20.0&Prime; _module_preset=\u00a0\u00bbdefault\u00a0\u00bb custom_css_main_element=\u00a0\u00bbmargin:auto;\u00a0\u00bb global_colors_info=\u00a0\u00bb{}\u00a0\u00bb][et_pb_text _builder_version=\u00a0\u00bb4.20.4&Prime; _module_preset=\u00a0\u00bbdefault\u00a0\u00bb text_orientation=\u00a0\u00bbright\u00a0\u00bb hover_enabled=\u00a0\u00bb0&Prime; global_colors_info=\u00a0\u00bb{}\u00a0\u00bb sticky_enabled=\u00a0\u00bb0&Prime;]<\/p>\n<h2 class=\"bar-right\">Nous b\u00e2tissons une \u00e9quipe diversifi\u00e9e<\/h2>\n<p>Les milieux de travail diversifi\u00e9s et inclusifs sont reconnus pour \u00eatre plus cr\u00e9atifs et novateurs. Ils sont aussi r\u00e9put\u00e9s pour leurs d\u00e9cisions plus \u00e9clair\u00e9es et audacieuses. Toutefois, il faut noter que la diversit\u00e9 et l\u2019inclusion sont positives aussi bien pour l\u2019entreprise que pour nous-m\u00eames. Les lieux de travail diversifi\u00e9s et inclusifs cr\u00e9ent un milieu de travail accueillant o\u00f9 les membres de l\u2019\u00e9quipe font \u00e9tat d\u2019une plus grande satisfaction et de plus de bonheur au travail, ainsi que d\u2019une productivit\u00e9 accrue et de possibilit\u00e9s de s\u2019\u00e9panouir.<\/p>\n<p>[\/et_pb_text][et_pb_button button_url=\u00a0\u00bbhttps:\/\/jobs.lever.co\/univeris.com\u00a0\u00bb url_new_window=\u00a0\u00bbon\u00a0\u00bb button_text=\u00a0\u00bbVoir les postes vacants\u00a0\u00bb button_alignment=\u00a0\u00bbright\u00a0\u00bb _builder_version=\u00a0\u00bb4.20.0&Prime; _module_preset=\u00a0\u00bbdefault\u00a0\u00bb custom_button=\u00a0\u00bbon\u00a0\u00bb button_text_size=\u00a0\u00bb12px\u00a0\u00bb button_text_color=\u00a0\u00bb#FFFFFF\u00a0\u00bb button_bg_color=\u00a0\u00bb#83c554&Prime; button_border_width=\u00a0\u00bb0px\u00a0\u00bb button_border_radius=\u00a0\u00bb0px\u00a0\u00bb button_letter_spacing=\u00a0\u00bb1px\u00a0\u00bb button_font=\u00a0\u00bb|600||on|||||\u00a0\u00bb button_use_icon=\u00a0\u00bboff\u00a0\u00bb custom_padding=\u00a0\u00bb10px|15px|10px|15px|false|false\u00a0\u00bb global_colors_info=\u00a0\u00bb{}\u00a0\u00bb button_bg_color__hover_enabled=\u00a0\u00bbon|hover\u00a0\u00bb button_bg_color__hover=\u00a0\u00bb#54b244&Prime; transform_styles__hover_enabled=\u00a0\u00bbon|hover\u00a0\u00bb transform_scale__hover_enabled=\u00a0\u00bbon|hover\u00a0\u00bb transform_translate__hover_enabled=\u00a0\u00bbon|hover\u00a0\u00bb transform_rotate__hover_enabled=\u00a0\u00bbon|hover\u00a0\u00bb transform_skew__hover_enabled=\u00a0\u00bbon|hover\u00a0\u00bb transform_origin__hover_enabled=\u00a0\u00bbon|hover\u00a0\u00bb transform_scale__hover=\u00a0\u00bb105%|105%\u00a0\u00bb][\/et_pb_button][\/et_pb_column][et_pb_column type=\u00a0\u00bb2_5&Prime; _builder_version=\u00a0\u00bb4.20.0&Prime; _module_preset=\u00a0\u00bbdefault\u00a0\u00bb global_colors_info=\u00a0\u00bb{}\u00a0\u00bb][et_pb_image src=\u00a0\u00bbhttps:\/\/www.univeris.com\/wp-content\/uploads\/img-diverse-team.jpg\u00a0\u00bb title_text=\u00a0\u00bbimg-diverse-team\u00a0\u00bb _builder_version=\u00a0\u00bb4.20.0&Prime; _module_preset=\u00a0\u00bbdefault\u00a0\u00bb global_colors_info=\u00a0\u00bb{}\u00a0\u00bb][\/et_pb_image][\/et_pb_column][\/et_pb_row][\/et_pb_section]<\/p>\n","protected":false},"excerpt":{"rendered":"<p>Personnes et culture La vie \u00e0 UniverisNos employ\u00e9s d\u2019abord Nos employ\u00e9s sont la pierre angulaire de notre entreprise. C\u2019est la raison pour laquelle nous sommes pleinement engag\u00e9s \u00e0 garder nos \u00e9quipes motiv\u00e9es de fa\u00e7on pratique et \u00e0 continuer sur cette lanc\u00e9e. Les activit\u00e9s sociales d\u2019entreprise, les r\u00e9unions mensuelles de discussion ouverte, les colis surprise trimestriels [&hellip;]<\/p>\n","protected":false},"author":2,"featured_media":0,"parent":1645,"menu_order":0,"comment_status":"closed","ping_status":"closed","template":"","meta":{"_et_pb_use_builder":"on","_et_pb_old_content":"","_et_gb_content_width":"","content-type":"","inline_featured_image":false,"footnotes":""},"class_list":["post-1625","page","type-page","status-publish","hentry"],"yoast_head":"<!-- This site is optimized with the Yoast SEO plugin v27.5 - https:\/\/yoast.com\/product\/yoast-seo-wordpress\/ -->\n<title>Univeris\u00a0|\u00a0Personnes et culture<\/title>\n<meta name=\"robots\" content=\"index, follow, max-snippet:-1, max-image-preview:large, max-video-preview:-1\" \/>\n<link rel=\"canonical\" href=\"https:\/\/www.univeris.com\/fr\/a-propos-duniveris\/personnes-et-culture\/\" \/>\n<meta property=\"og:locale\" content=\"fr_FR\" \/>\n<meta property=\"og:type\" content=\"article\" \/>\n<meta property=\"og:title\" content=\"Univeris\u00a0|\u00a0Personnes et culture\" \/>\n<meta property=\"og:description\" content=\"Personnes et culture La vie \u00e0 UniverisNos employ\u00e9s d\u2019abord Nos employ\u00e9s sont la pierre angulaire de notre entreprise. C\u2019est la raison pour laquelle nous sommes pleinement engag\u00e9s \u00e0 garder nos \u00e9quipes motiv\u00e9es de fa\u00e7on pratique et \u00e0 continuer sur cette lanc\u00e9e. Les activit\u00e9s sociales d\u2019entreprise, les r\u00e9unions mensuelles de discussion ouverte, les colis surprise trimestriels [&hellip;]\" \/>\n<meta property=\"og:url\" content=\"https:\/\/www.univeris.com\/fr\/a-propos-duniveris\/personnes-et-culture\/\" \/>\n<meta property=\"og:site_name\" content=\"Univeris\" \/>\n<meta property=\"article:modified_time\" content=\"2023-04-26T15:48:07+00:00\" \/>\n<meta name=\"twitter:card\" content=\"summary_large_image\" \/>\n<meta name=\"twitter:label1\" content=\"Dur\u00e9e de lecture estim\u00e9e\" \/>\n\t<meta name=\"twitter:data1\" content=\"11 minutes\" \/>\n<script type=\"application\/ld+json\" class=\"yoast-schema-graph\">{\"@context\":\"https:\\\/\\\/schema.org\",\"@graph\":[{\"@type\":\"WebPage\",\"@id\":\"https:\\\/\\\/www.univeris.com\\\/fr\\\/a-propos-duniveris\\\/personnes-et-culture\\\/\",\"url\":\"https:\\\/\\\/www.univeris.com\\\/fr\\\/a-propos-duniveris\\\/personnes-et-culture\\\/\",\"name\":\"Univeris\u00a0|\u00a0Personnes et culture\",\"isPartOf\":{\"@id\":\"https:\\\/\\\/www.univeris.com\\\/fr\\\/#website\"},\"datePublished\":\"2023-01-04T17:43:30+00:00\",\"dateModified\":\"2023-04-26T15:48:07+00:00\",\"breadcrumb\":{\"@id\":\"https:\\\/\\\/www.univeris.com\\\/fr\\\/a-propos-duniveris\\\/personnes-et-culture\\\/#breadcrumb\"},\"inLanguage\":\"fr-FR\",\"potentialAction\":[{\"@type\":\"ReadAction\",\"target\":[\"https:\\\/\\\/www.univeris.com\\\/fr\\\/a-propos-duniveris\\\/personnes-et-culture\\\/\"]}]},{\"@type\":\"BreadcrumbList\",\"@id\":\"https:\\\/\\\/www.univeris.com\\\/fr\\\/a-propos-duniveris\\\/personnes-et-culture\\\/#breadcrumb\",\"itemListElement\":[{\"@type\":\"ListItem\",\"position\":1,\"name\":\"Home\",\"item\":\"https:\\\/\\\/www.univeris.com\\\/fr\\\/\"},{\"@type\":\"ListItem\",\"position\":2,\"name\":\"\u00c0 propos d\u2019Univeris\",\"item\":\"https:\\\/\\\/www.univeris.com\\\/fr\\\/a-propos-duniveris\\\/\"},{\"@type\":\"ListItem\",\"position\":3,\"name\":\"Personnes et culture\"}]},{\"@type\":\"WebSite\",\"@id\":\"https:\\\/\\\/www.univeris.com\\\/fr\\\/#website\",\"url\":\"https:\\\/\\\/www.univeris.com\\\/fr\\\/\",\"name\":\"Univeris\",\"description\":\".\",\"potentialAction\":[{\"@type\":\"SearchAction\",\"target\":{\"@type\":\"EntryPoint\",\"urlTemplate\":\"https:\\\/\\\/www.univeris.com\\\/fr\\\/?s={search_term_string}\"},\"query-input\":{\"@type\":\"PropertyValueSpecification\",\"valueRequired\":true,\"valueName\":\"search_term_string\"}}],\"inLanguage\":\"fr-FR\"}]}<\/script>\n<!-- \/ Yoast SEO plugin. -->","yoast_head_json":{"title":"Univeris\u00a0|\u00a0Personnes et culture","robots":{"index":"index","follow":"follow","max-snippet":"max-snippet:-1","max-image-preview":"max-image-preview:large","max-video-preview":"max-video-preview:-1"},"canonical":"https:\/\/www.univeris.com\/fr\/a-propos-duniveris\/personnes-et-culture\/","og_locale":"fr_FR","og_type":"article","og_title":"Univeris\u00a0|\u00a0Personnes et culture","og_description":"Personnes et culture La vie \u00e0 UniverisNos employ\u00e9s d\u2019abord Nos employ\u00e9s sont la pierre angulaire de notre entreprise. C\u2019est la raison pour laquelle nous sommes pleinement engag\u00e9s \u00e0 garder nos \u00e9quipes motiv\u00e9es de fa\u00e7on pratique et \u00e0 continuer sur cette lanc\u00e9e. Les activit\u00e9s sociales d\u2019entreprise, les r\u00e9unions mensuelles de discussion ouverte, les colis surprise trimestriels [&hellip;]","og_url":"https:\/\/www.univeris.com\/fr\/a-propos-duniveris\/personnes-et-culture\/","og_site_name":"Univeris","article_modified_time":"2023-04-26T15:48:07+00:00","twitter_card":"summary_large_image","twitter_misc":{"Dur\u00e9e de lecture estim\u00e9e":"11 minutes"},"schema":{"@context":"https:\/\/schema.org","@graph":[{"@type":"WebPage","@id":"https:\/\/www.univeris.com\/fr\/a-propos-duniveris\/personnes-et-culture\/","url":"https:\/\/www.univeris.com\/fr\/a-propos-duniveris\/personnes-et-culture\/","name":"Univeris\u00a0|\u00a0Personnes et culture","isPartOf":{"@id":"https:\/\/www.univeris.com\/fr\/#website"},"datePublished":"2023-01-04T17:43:30+00:00","dateModified":"2023-04-26T15:48:07+00:00","breadcrumb":{"@id":"https:\/\/www.univeris.com\/fr\/a-propos-duniveris\/personnes-et-culture\/#breadcrumb"},"inLanguage":"fr-FR","potentialAction":[{"@type":"ReadAction","target":["https:\/\/www.univeris.com\/fr\/a-propos-duniveris\/personnes-et-culture\/"]}]},{"@type":"BreadcrumbList","@id":"https:\/\/www.univeris.com\/fr\/a-propos-duniveris\/personnes-et-culture\/#breadcrumb","itemListElement":[{"@type":"ListItem","position":1,"name":"Home","item":"https:\/\/www.univeris.com\/fr\/"},{"@type":"ListItem","position":2,"name":"\u00c0 propos d\u2019Univeris","item":"https:\/\/www.univeris.com\/fr\/a-propos-duniveris\/"},{"@type":"ListItem","position":3,"name":"Personnes et culture"}]},{"@type":"WebSite","@id":"https:\/\/www.univeris.com\/fr\/#website","url":"https:\/\/www.univeris.com\/fr\/","name":"Univeris","description":".","potentialAction":[{"@type":"SearchAction","target":{"@type":"EntryPoint","urlTemplate":"https:\/\/www.univeris.com\/fr\/?s={search_term_string}"},"query-input":{"@type":"PropertyValueSpecification","valueRequired":true,"valueName":"search_term_string"}}],"inLanguage":"fr-FR"}]}},"_links":{"self":[{"href":"https:\/\/www.univeris.com\/fr\/wp-json\/wp\/v2\/pages\/1625","targetHints":{"allow":["GET"]}}],"collection":[{"href":"https:\/\/www.univeris.com\/fr\/wp-json\/wp\/v2\/pages"}],"about":[{"href":"https:\/\/www.univeris.com\/fr\/wp-json\/wp\/v2\/types\/page"}],"author":[{"embeddable":true,"href":"https:\/\/www.univeris.com\/fr\/wp-json\/wp\/v2\/users\/2"}],"replies":[{"embeddable":true,"href":"https:\/\/www.univeris.com\/fr\/wp-json\/wp\/v2\/comments?post=1625"}],"version-history":[{"count":0,"href":"https:\/\/www.univeris.com\/fr\/wp-json\/wp\/v2\/pages\/1625\/revisions"}],"up":[{"embeddable":true,"href":"https:\/\/www.univeris.com\/fr\/wp-json\/wp\/v2\/pages\/1645"}],"wp:attachment":[{"href":"https:\/\/www.univeris.com\/fr\/wp-json\/wp\/v2\/media?parent=1625"}],"curies":[{"name":"wp","href":"https:\/\/api.w.org\/{rel}","templated":true}]}}